{"id":3747,"date":"2021-04-25T23:07:04","date_gmt":"2021-04-25T21:07:04","guid":{"rendered":"https:\/\/projet.mairie-curienne.fr\/?page_id=3747"},"modified":"2021-12-20T09:11:24","modified_gmt":"2021-12-20T08:11:24","slug":"urbanisme","status":"publish","type":"page","link":"https:\/\/mairie-curienne.fr\/index.php\/urbanisme\/","title":{"rendered":"Urbanisme"},"content":{"rendered":"\t\t<div data-elementor-type=\"wp-page\" data-elementor-id=\"3747\" class=\"elementor elementor-3747\">\n\t\t\t\t\t\t<div class=\"elementor-inner\">\n\t\t\t\t<div class=\"elementor-section-wrap\">\n\t\t\t\t\t\t\t\t\t<section class=\"elementor-section elementor-top-section elementor-element elementor-element-ef76654 elementor-section-boxed elementor-section-height-default elementor-section-height-default\" data-id=\"ef76654\" data-element_type=\"section\">\n\t\t\t\t\t\t<div class=\"elementor-container elementor-column-gap-default\">\n\t\t\t\t\t\t\t<div class=\"elementor-row\">\n\t\t\t\t\t<div class=\"elementor-column elementor-col-100 elementor-top-column elementor-element elementor-element-f9988d7\" data-id=\"f9988d7\" data-element_type=\"column\">\n\t\t\t<div class=\"elementor-column-wrap elementor-element-populated\">\n\t\t\t\t\t\t\t<div class=\"elementor-widget-wrap\">\n\t\t\t\t\t\t<div class=\"elementor-element elementor-element-3dd28f9 elementor-widget elementor-widget-heading\" data-id=\"3dd28f9\" data-element_type=\"widget\" data-widget_type=\"heading.default\">\n\t\t\t\t<div class=\"elementor-widget-container\">\n\t\t\t<h2 class=\"elementor-heading-title elementor-size-default\">D\u00e9mat\u00e9rialisation des demandes<\/h2>\t\t<\/div>\n\t\t\t\t<\/div>\n\t\t\t\t<div class=\"elementor-element elementor-element-24856ab elementor-widget elementor-widget-text-editor\" data-id=\"24856ab\" data-element_type=\"widget\" data-widget_type=\"text-editor.default\">\n\t\t\t\t<div class=\"elementor-widget-container\">\n\t\t\t\t\t\t\t\t<div class=\"elementor-text-editor elementor-clearfix\">\n\t\t\t\t<p>\u00c0 partir du 1er janvier 2022, la r\u00e9glementation pr\u00e9voit que toutes les communes soient en mesure de recevoir sous forme \u00e9lectronique les demandes d\u2019autorisation d\u2019urbanisme et les D\u00e9clarations d\u2019Intention d\u2019Ali\u00e9ner.<\/p><p><strong>Cependant, compte-tenu de dysfonctionnements techniques rencontr\u00e9s par les services de l\u2019agglom\u00e9ration de Grand Chamb\u00e9ry (prestataire de service), la commune de Curienne ne pourra proposer ce service qu\u2019\u00e0 compter de mars 2022.<\/strong><\/p><p><strong>\u00c0 partir de mars 2022<\/strong>, toutes les demandes li\u00e9es \u00e0 l\u2019urbanisme (certificat d\u2019urbanisme, d\u00e9claration pr\u00e9alable, permis d\u2019am\u00e9nager, permis de construire, permis de d\u00e9molir,\u2026) et les D\u00e9clarations d\u2019Intention d\u2019Ali\u00e9ner pourront se faire par Internet gr\u00e2ce \u00e0 un nouveau site d\u00e9di\u00e9.<\/p><p>Une fois son compte cr\u00e9\u00e9, il\u00a0permet de v\u00e9rifier la bonne\u00a0composition de son dossier,\u00a0de suivre sa demande\u00a0d\u2019instruction en ligne, de\u00a0compl\u00e9ter si besoin avec les\u00a0pi\u00e8ces demand\u00e9es\u00a0par le service instructeur.<\/p><p>Ce\u00a0nouveau service num\u00e9rique\u00a0facilitera son\u00a0instruction et le traitement administratif des demandes que vous pourrez d\u00e9poser.<\/p><p><strong>Avant le mois de mars 2022, le d\u00e9p\u00f4t des dossiers ne peut se faire que sous format papier.<\/strong><\/p>\t\t\t\t\t<\/div>\n\t\t\t\t\t\t<\/div>\n\t\t\t\t<\/div>\n\t\t\t\t<div class=\"elementor-element elementor-element-9e1a5ef elementor-widget elementor-widget-heading\" data-id=\"9e1a5ef\" data-element_type=\"widget\" data-widget_type=\"heading.default\">\n\t\t\t\t<div class=\"elementor-widget-container\">\n\t\t\t<h2 class=\"elementor-heading-title elementor-size-default\">R\u00e8glementation<\/h2>\t\t<\/div>\n\t\t\t\t<\/div>\n\t\t\t\t<div class=\"elementor-element elementor-element-6f58f4d elementor-widget elementor-widget-text-editor\" data-id=\"6f58f4d\" data-element_type=\"widget\" data-widget_type=\"text-editor.default\">\n\t\t\t\t<div class=\"elementor-widget-container\">\n\t\t\t\t\t\t\t\t<div class=\"elementor-text-editor elementor-clearfix\">\n\t\t\t\t<p class=\"western\">Pour conna\u00eetre du r\u00e8glement d\u2019urbanisme applicable et des documents graphiques, vous pouvez vous rendre sur le site de la communaut\u00e9 d\u2019agglom\u00e9ration de Grand Chamb\u00e9ry. Les documents concern\u00e9s s\u2019appellent :<\/p><ul><li class=\"western\">R\u00e8glement \u00e9crit du Plateau de la Leysse.<\/li><li class=\"western\">Document graphique du plateau de la Leysse.<\/li><\/ul><p class=\"western\">Si vous souhaitez obtenir des informations compl\u00e9mentaires, vous pouvez joindre la mairie de Curienne par t\u00e9l\u00e9phone ou par mail.<\/p><p>Une modification n\u00b01 a \u00e9t\u00e9 engag\u00e9e par arr\u00eat\u00e9 <a href=\"https:\/\/www.grandchambery.fr\/cms_viewFile.php?idtf=24814&amp;path=PLUiHD_M1_arrete-engagement-procedure.pdf\">n\u00b0 2021-002A<\/a> afin notamment d&rsquo;am\u00e9liorer l&rsquo;encadrement r\u00e8glementaire des constructions et de permettre la r\u00e9alisation de projets.<\/p><p>L&rsquo;enqu\u00eate publique sur le projet de modification n\u00b01 s\u2019est tenue du 3 mai 2021 au 4 juin 2021.<\/p><p>Le rapport de la commission d\u2019enqu\u00eate est tenu \u00e0 disposition du public en version papier au si\u00e8ge de l\u2019Agglom\u00e9ration ainsi qu\u2019\u00e0 l\u2019Antenne des Bauges aux horaires d\u2019ouverture habituels, et en version num\u00e9rique \u00e0 l\u2019adresse suivante : <a href=\"https:\/\/www.registre-dematerialise.fr\/2425\">https:\/\/www.registre-dematerialise.fr\/2425<\/a><\/p><p>Pour plus d&rsquo;informations :<\/p><ul><li>les actualit\u00e9s du plui hd : <a href=\"https:\/\/www.grandchambery.fr\/2767-l-actualite-du-plui-hd.htm\">https:\/\/www.grandchambery.fr\/2767-l-actualite-du-plui-hd.htm<\/a><\/li><li>les documents du plui hd : <a href=\"https:\/\/www.grandchambery.fr\/2624-les-documents-du-plui-hd.htm\">https:\/\/www.grandchambery.fr\/2624-les-documents-du-plui-hd.htm<\/a><\/li><\/ul>\t\t\t\t\t<\/div>\n\t\t\t\t\t\t<\/div>\n\t\t\t\t<\/div>\n\t\t\t\t<div class=\"elementor-element elementor-element-ccdbb8b elementor-widget elementor-widget-heading\" data-id=\"ccdbb8b\" data-element_type=\"widget\" data-widget_type=\"heading.default\">\n\t\t\t\t<div class=\"elementor-widget-container\">\n\t\t\t<h2 class=\"elementor-heading-title elementor-size-default\">Demande d\u2019autorisation d\u2019urbanisme<\/h2>\t\t<\/div>\n\t\t\t\t<\/div>\n\t\t\t\t<div class=\"elementor-element elementor-element-ca100fb elementor-widget elementor-widget-text-editor\" data-id=\"ca100fb\" data-element_type=\"widget\" data-widget_type=\"text-editor.default\">\n\t\t\t\t<div class=\"elementor-widget-container\">\n\t\t\t\t\t\t\t\t<div class=\"elementor-text-editor elementor-clearfix\">\n\t\t\t\t<p>Nous vous rappelons que tous travaux visibles de l\u2019ext\u00e9rieur sont soumis \u00e0 autorisation d\u2019urbanisme (r\u00e9novation de toiture, cr\u00e9ation d\u2019ouvertures, ravalement de fa\u00e7ades, construction de murs, mise en place de cl\u00f4tures, chemin\u00e9es\u2026).<\/p><p>Lorsque vous avez un projet de construction, vous pouvez joindre la mairie de Curienne pour vous renseigner sur les d\u00e9marches n\u00e9cessaires. Les diff\u00e9rents imprim\u00e9s sont disponibles sur le site du service public.<\/p>\t\t\t\t\t<\/div>\n\t\t\t\t\t\t<\/div>\n\t\t\t\t<\/div>\n\t\t\t\t<div class=\"elementor-element elementor-element-6cc70ed elementor-widget elementor-widget-heading\" data-id=\"6cc70ed\" data-element_type=\"widget\" data-widget_type=\"heading.default\">\n\t\t\t\t<div class=\"elementor-widget-container\">\n\t\t\t<h2 class=\"elementor-heading-title elementor-size-default\">Une d\u00e9claration est-elle n\u00e9cessaire ?<\/h2>\t\t<\/div>\n\t\t\t\t<\/div>\n\t\t\t\t<div class=\"elementor-element elementor-element-728c55a elementor-widget elementor-widget-text-editor\" data-id=\"728c55a\" data-element_type=\"widget\" data-widget_type=\"text-editor.default\">\n\t\t\t\t<div class=\"elementor-widget-container\">\n\t\t\t\t\t\t\t\t<div class=\"elementor-text-editor elementor-clearfix\">\n\t\t\t\t<p>Avant d\u2019entreprendre des travaux ne n\u00e9cessitant pas de permis de construire, vous devez tout de m\u00eame, dans de nombreux cas, d\u00e9poser une d\u00e9claration pr\u00e9alable de travaux \u00e0 la mairie.<\/p><p>En effet, une demande d\u2019autorisation (d\u00e9claration pr\u00e9alable) est n\u00e9cessaire d\u00e8s lors :<\/p><ul><li>Le projet a pour r\u00e9sultat la cr\u00e9ation d\u2019une surface de plancher ou d\u2019une emprise au sol comprise sup\u00e9rieur \u00e0 5 m2.<\/li><li>La construction d\u2019un mur d\u2019une hauteur sup\u00e9rieure ou \u00e9gale \u00e0 2 m.<\/li><li>La construction d\u2019une piscine dont le bassin \u00e0 une superficie inf\u00e9rieure ou \u00e9gale \u00e0 10 m\u00b2 non couverte ou dont la couverture (fixe ou mobile) \u00e0 une hauteur au-dessus du sol inf\u00e9rieure \u00e0 1,80 m.<\/li><li>Le projet implique la modification de l\u2019aspect ext\u00e9rieur d\u2019un b\u00e2timent existant (remplacement d\u2019une fen\u00eatre ou porte, cr\u00e9ation d\u2019une nouvelle fen\u00eatre, choix d\u2019une nouvelle couleur de peinture pour la fa\u00e7ade).<\/li><li>Les travaux de ravalement dans les espaces prot\u00e9g\u00e9s (par exemple, zone class\u00e9e monument historique).<\/li><li>Le changement de destination d\u2019un b\u00e2timent, par exemple, transformation d\u2019un local commercial en local d\u2019habitation.<\/li><li>La cr\u00e9ation de plusieurs lots dans une emprise fonci\u00e8re.<\/li><li>La mise en place d\u2019une cl\u00f4ture.<\/li><\/ul><p><strong>Important : La pose de fen\u00eatres de toit de type V\u00e9lux est assimil\u00e9e \u00e0 une modification de l\u2019aspect ext\u00e9rieur de la construction et n\u00e9cessite donc de d\u00e9poser une d\u00e9claration pr\u00e9alable de travaux aupr\u00e8s de la mairie.<\/strong><\/p>\t\t\t\t\t<\/div>\n\t\t\t\t\t\t<\/div>\n\t\t\t\t<\/div>\n\t\t\t\t<div class=\"elementor-element elementor-element-4deaf2a elementor-widget elementor-widget-heading\" data-id=\"4deaf2a\" data-element_type=\"widget\" data-widget_type=\"heading.default\">\n\t\t\t\t<div class=\"elementor-widget-container\">\n\t\t\t<h2 class=\"elementor-heading-title elementor-size-default\">Architecte conseil<\/h2>\t\t<\/div>\n\t\t\t\t<\/div>\n\t\t\t\t<div class=\"elementor-element elementor-element-13aaac5 elementor-widget elementor-widget-text-editor\" data-id=\"13aaac5\" data-element_type=\"widget\" data-widget_type=\"text-editor.default\">\n\t\t\t\t<div class=\"elementor-widget-container\">\n\t\t\t\t\t\t\t\t<div class=\"elementor-text-editor elementor-clearfix\">\n\t\t\t\t<p>Pour vous accompagner dans votre projet et s\u2019assurer de sa compatibilit\u00e9 architecturale et paysag\u00e8re, nous vous conseillons de prendre rendez-vous aupr\u00e8s de l\u2019architecte conseil avant tout d\u00e9p\u00f4t de permis de construire.<\/p><p>Architecte conseil : <strong>Michel Tassan-Casser<\/strong><\/p><p>Pr\u00e9sent le dernier vendredi du mois &#8211; consultation gratuite sur rendez-vous aupr\u00e8s de la mairie de Saint Jean d\u2019arvey.<\/p>\t\t\t\t\t<\/div>\n\t\t\t\t\t\t<\/div>\n\t\t\t\t<\/div>\n\t\t\t\t<div class=\"elementor-element elementor-element-39aad18 elementor-widget-tablet__width-inherit elementor-widget elementor-widget-ova_contact_info\" data-id=\"39aad18\" data-element_type=\"widget\" data-widget_type=\"ova_contact_info.default\">\n\t\t\t\t<div class=\"elementor-widget-container\">\n\t\t\t\t\t<div class=\"ova-contact-info type1\">\n\n\t\t\t<div class=\"icon\">\n\t\t\t\t<i class=\"fas fa-phone\"><\/i>\t\t\t<\/div>\n\n\t\t\t\t\t\t\t<div class=\"address\">\n\t\t\t\t\t\t\t\t\t\t\t\t\t\t\t<span class=\"text_link\"><a href='tel:+334 79 28 40 61'>T\u00e9l\u00e9phone : <span>04 79 28 40 61<\/span><\/a><\/span>\n\t\t\t\t<\/div>\n\t\t\t\t\t\t\n\t\t<\/div>\n\t\t\t\t<\/div>\n\t\t\t\t<\/div>\n\t\t\t\t<div class=\"elementor-element elementor-element-1d644e3 elementor-widget elementor-widget-heading\" data-id=\"1d644e3\" data-element_type=\"widget\" data-widget_type=\"heading.default\">\n\t\t\t\t<div class=\"elementor-widget-container\">\n\t\t\t<h2 class=\"elementor-heading-title elementor-size-default\">Raccordement Enedis<\/h2>\t\t<\/div>\n\t\t\t\t<\/div>\n\t\t\t\t<div class=\"elementor-element elementor-element-55b9e21 elementor-widget elementor-widget-text-editor\" data-id=\"55b9e21\" data-element_type=\"widget\" data-widget_type=\"text-editor.default\">\n\t\t\t\t<div class=\"elementor-widget-container\">\n\t\t\t\t\t\t\t\t<div class=\"elementor-text-editor elementor-clearfix\">\n\t\t\t\t<p>Le service <a href=\"https:\/\/www.enedis.fr\/raccordement\">raccordement Enedis<\/a> est \u00e0 contacter dans le cadre d&rsquo;une nouvelle construction ou de travaux de r\u00e9novation dans votre domicile. Enedis interviendra pour vous mettre \u00e0 disposition une installation provisoire ou pour raccorder votre logement.<\/p><p>Contactez les services au :<\/p>\t\t\t\t\t<\/div>\n\t\t\t\t\t\t<\/div>\n\t\t\t\t<\/div>\n\t\t\t\t<div class=\"elementor-element elementor-element-f234499 elementor-widget-tablet__width-inherit elementor-widget elementor-widget-ova_contact_info\" data-id=\"f234499\" data-element_type=\"widget\" data-widget_type=\"ova_contact_info.default\">\n\t\t\t\t<div class=\"elementor-widget-container\">\n\t\t\t\t\t<div class=\"ova-contact-info type1\">\n\n\t\t\t<div class=\"icon\">\n\t\t\t\t<i class=\"fas fa-phone\"><\/i>\t\t\t<\/div>\n\n\t\t\t\t\t\t\t<div class=\"address\">\n\t\t\t\t\t\t\t\t\t\t\t\t\t\t\t<span class=\"text_link\"><a href='tel:+339 69 32 18 00'>T\u00e9l\u00e9phone : <span>09 69 32 18 00<\/span><\/a><\/span>\n\t\t\t\t<\/div>\n\t\t\t\t\t\t\n\t\t<\/div>\n\t\t\t\t<\/div>\n\t\t\t\t<\/div>\n\t\t\t\t<div class=\"elementor-element elementor-element-96e34cd elementor-widget elementor-widget-text-editor\" data-id=\"96e34cd\" data-element_type=\"widget\" data-widget_type=\"text-editor.default\">\n\t\t\t\t<div class=\"elementor-widget-container\">\n\t\t\t\t\t\t\t\t<div class=\"elementor-text-editor elementor-clearfix\">\n\t\t\t\t<p>pour prendre rendez-vous et contactez ensuite un fournisseur comme <a href=\"https:\/\/prix-elec.com\/tarifs\/fournisseurs\">EDF, Engie ou TDE<\/a> dont vous trouverez les avis pour effectuer la mise en service de votre compteur.<\/p>\t\t\t\t\t<\/div>\n\t\t\t\t\t\t<\/div>\n\t\t\t\t<\/div>\n\t\t\t\t<div class=\"elementor-element elementor-element-e7d9d0f elementor-widget elementor-widget-heading\" data-id=\"e7d9d0f\" data-element_type=\"widget\" data-widget_type=\"heading.default\">\n\t\t\t\t<div class=\"elementor-widget-container\">\n\t\t\t<h2 class=\"elementor-heading-title elementor-size-default\">Entreprises habilit\u00e9es par le service des eaux (Ann\u00e9e 2021)<\/h2>\t\t<\/div>\n\t\t\t\t<\/div>\n\t\t\t\t<div class=\"elementor-element elementor-element-cc42be3 elementor-widget elementor-widget-text-editor\" data-id=\"cc42be3\" data-element_type=\"widget\" data-widget_type=\"text-editor.default\">\n\t\t\t\t<div class=\"elementor-widget-container\">\n\t\t\t\t\t\t\t\t<div class=\"elementor-text-editor elementor-clearfix\">\n\t\t\t\t<p>Pour la r\u00e9alisation de branchements neufs et pour les parties publiques des branchements d&rsquo;eau potable, d&rsquo;eaux us\u00e9es et d&rsquo;eaux pluviales<\/p><p><strong>Attention : avant de contacter une entreprise pour devis concernant des branchements neufs sur les r\u00e9seaux d&rsquo;eau potable, d&rsquo;eaux us\u00e9es ou d&rsquo;eaux pluviales, vous devez avoir pr\u00e9alablement r\u00e9alis\u00e9 une demande de branchement et pris rendez-vous sur site avec un technicien du service des eaux afin de disposer d&rsquo;une fiche de prescriptions techniques.<\/strong><\/p><p><strong>Pour tout branchement sur un collecteur en amiante, une entreprise disposant l&rsquo;habilitation sp\u00e9cifique amiante sous-section 4 est est requise (identifi\u00e9 par un * dans le fichier pdf ci-dessous).<\/strong><\/p><p><strong>Pour tout branchement sur un collecteur visitable, une entreprise disposant d&rsquo;un certificat d&rsquo;aptitude \u00e0 travailler en espace confin\u00e9s est requise (identifi\u00e9 par un # dans le fichier pdf ci-dessous).<\/strong><\/p><p><a href=\"https:\/\/mairie-curienne.fr\/wp-content\/uploads\/2020\/07\/EntreprisesHabiliteesServiceDesEaux.pdf\">Liste des entreprises habilit\u00e9es par le service des eaux de l&rsquo;agglom\u00e9ration<\/a><\/p><p><strong>Grand Chamb\u00e9ry<\/strong><br \/><strong>Direction des Eaux<\/strong><br \/>298 rue de Chantabord &#8211; CS 82618<br \/>73026 Chamb\u00e9ry Cedex<\/p>\t\t\t\t\t<\/div>\n\t\t\t\t\t\t<\/div>\n\t\t\t\t<\/div>\n\t\t\t\t<div class=\"elementor-element elementor-element-8380719 elementor-widget-tablet__width-inherit elementor-widget elementor-widget-ova_contact_info\" data-id=\"8380719\" data-element_type=\"widget\" data-widget_type=\"ova_contact_info.default\">\n\t\t\t\t<div class=\"elementor-widget-container\">\n\t\t\t\t\t<div class=\"ova-contact-info type1\">\n\n\t\t\t<div class=\"icon\">\n\t\t\t\t<i class=\"fas fa-phone\"><\/i>\t\t\t<\/div>\n\n\t\t\t\t\t\t\t<div class=\"address\">\n\t\t\t\t\t\t\t\t\t\t\t\t\t\t\t<span class=\"text_link\"><a href='tel:+334 79 96 86 70'>T\u00e9l\u00e9phone : <span>04 79 96 86 70<\/span><\/a><\/span>\n\t\t\t\t<\/div>\n\t\t\t\t\t\t\n\t\t<\/div>\n\t\t\t\t<\/div>\n\t\t\t\t<\/div>\n\t\t\t\t<div class=\"elementor-element elementor-element-1a4fa87 elementor-widget elementor-widget-heading\" data-id=\"1a4fa87\" data-element_type=\"widget\" data-widget_type=\"heading.default\">\n\t\t\t\t<div class=\"elementor-widget-container\">\n\t\t\t<h2 class=\"elementor-heading-title elementor-size-default\">Formalit\u00e9 d\u2019affichage<\/h2>\t\t<\/div>\n\t\t\t\t<\/div>\n\t\t\t\t<div class=\"elementor-element elementor-element-89a3ee0 elementor-widget elementor-widget-text-editor\" data-id=\"89a3ee0\" data-element_type=\"widget\" data-widget_type=\"text-editor.default\">\n\t\t\t\t<div class=\"elementor-widget-container\">\n\t\t\t\t\t\t\t\t<div class=\"elementor-text-editor elementor-clearfix\">\n\t\t\t\t<p>\u00c0 la r\u00e9ception de l\u2019arr\u00eat\u00e9 d\u2019autorisation, vous devez afficher cet arr\u00eat\u00e9 sur un panneau d\u2019affichage rectangulaire pr\u00e9vu \u00e0 cet effet dont les dimensions sont sup\u00e9rieures \u00e0 80 centim\u00e8tres (Article A424-15 du code de l\u2019Urbanisme.) pendant toute la dur\u00e9e du chantier.<\/p><p>Ce panneau doit indiquer :<\/p><ul><li>le nom, la raison sociale ou la d\u00e9nomination sociale du b\u00e9n\u00e9ficiaire<\/li><li>la date de d\u00e9livrance de l\u2019autorisation<\/li><li>le num\u00e9ro de l\u2019autorisation<\/li><li>la nature du projet et la superficie du terrain<\/li><li>l\u2019adresse de la mairie o\u00f9 le dossier peut \u00eatre consult\u00e9<\/li><li>le nom de l\u2019architecte auteur du projet architectural<\/li><li>la date d\u2019affichage en mairie de la d\u00e9cision<\/li><\/ul><p>En fonction de la nature du projet, il faut \u00e9galement indiquer :<\/p><ul><li>Si le projet pr\u00e9voit des constructions, la surface de plancher autoris\u00e9e ainsi que la hauteur de la ou des constructions, exprim\u00e9e en m\u00e8tres par rapport au sol naturel.<\/li><li>Si le projet pr\u00e9voit des d\u00e9molitions, la surface du ou des b\u00e2timents \u00e0 d\u00e9molir.<\/li><\/ul><p><strong>Bon \u00e0 savoir : Vous trouverez des mod\u00e8les de panneau (gratuit) dans la plupart des magasins de mat\u00e9riaux.<\/strong><\/p>\t\t\t\t\t<\/div>\n\t\t\t\t\t\t<\/div>\n\t\t\t\t<\/div>\n\t\t\t\t\t\t<\/div>\n\t\t\t\t\t<\/div>\n\t\t<\/div>\n\t\t\t\t\t\t\t\t<\/div>\n\t\t\t\t\t<\/div>\n\t\t<\/section>\n\t\t\t\t\t\t\t\t\t<\/div>\n\t\t\t<\/div>\n\t\t\t\t\t<\/div>\n\t\t","protected":false},"excerpt":{"rendered":"<p>D\u00e9mat\u00e9rialisation des demandes \u00c0 partir du 1er janvier 2022, la r\u00e9glementation pr\u00e9voit que toutes les communes soient en mesure de recevoir sous forme \u00e9lectronique les demandes d\u2019autorisation d\u2019urbanisme et les D\u00e9clarations d\u2019Intention d\u2019Ali\u00e9ner. Cependant, compte-tenu de dysfonctionnements techniques rencontr\u00e9s par les services de l\u2019agglom\u00e9ration de Grand Chamb\u00e9ry (prestataire de service), la commune de Curienne ne [&hellip;]<\/p>\n","protected":false},"author":2,"featured_media":0,"parent":0,"menu_order":0,"comment_status":"closed","ping_status":"closed","template":"","meta":[],"_links":{"self":[{"href":"https:\/\/mairie-curienne.fr\/index.php\/wp-json\/wp\/v2\/pages\/3747"}],"collection":[{"href":"https:\/\/mairie-curienne.fr\/index.php\/wp-json\/wp\/v2\/pages"}],"about":[{"href":"https:\/\/mairie-curienne.fr\/index.php\/wp-json\/wp\/v2\/types\/page"}],"author":[{"embeddable":true,"href":"https:\/\/mairie-curienne.fr\/index.php\/wp-json\/wp\/v2\/users\/2"}],"replies":[{"embeddable":true,"href":"https:\/\/mairie-curienne.fr\/index.php\/wp-json\/wp\/v2\/comments?post=3747"}],"version-history":[{"count":61,"href":"https:\/\/mairie-curienne.fr\/index.php\/wp-json\/wp\/v2\/pages\/3747\/revisions"}],"predecessor-version":[{"id":5586,"href":"https:\/\/mairie-curienne.fr\/index.php\/wp-json\/wp\/v2\/pages\/3747\/revisions\/5586"}],"wp:attachment":[{"href":"https:\/\/mairie-curienne.fr\/index.php\/wp-json\/wp\/v2\/media?parent=3747"}],"curies":[{"name":"wp","href":"https:\/\/api.w.org\/{rel}","templated":true}]}}