{"id":3360,"date":"2021-04-17T11:21:38","date_gmt":"2021-04-17T09:21:38","guid":{"rendered":"https:\/\/projet.mairie-curienne.fr\/?page_id=3360"},"modified":"2025-06-07T16:28:40","modified_gmt":"2025-06-07T14:28:40","slug":"les-ecoles-de-la-commune","status":"publish","type":"page","link":"https:\/\/mairie-curienne.fr\/index.php\/les-ecoles-de-la-commune\/","title":{"rendered":"Les \u00e9coles de la commune"},"content":{"rendered":"\t\t<div data-elementor-type=\"wp-page\" data-elementor-id=\"3360\" class=\"elementor elementor-3360\">\n\t\t\t\t\t\t<div class=\"elementor-inner\">\n\t\t\t\t<div class=\"elementor-section-wrap\">\n\t\t\t\t\t\t\t\t\t<section class=\"elementor-section elementor-top-section elementor-element elementor-element-5e7d6df elementor-section-boxed elementor-section-height-default elementor-section-height-default\" data-id=\"5e7d6df\" data-element_type=\"section\">\n\t\t\t\t\t\t<div class=\"elementor-container elementor-column-gap-default\">\n\t\t\t\t\t\t\t<div class=\"elementor-row\">\n\t\t\t\t\t<div class=\"elementor-column elementor-col-100 elementor-top-column elementor-element elementor-element-6c8fc50\" data-id=\"6c8fc50\" data-element_type=\"column\">\n\t\t\t<div class=\"elementor-column-wrap elementor-element-populated\">\n\t\t\t\t\t\t\t<div class=\"elementor-widget-wrap\">\n\t\t\t\t\t\t<div class=\"elementor-element elementor-element-7058a88 elementor-widget elementor-widget-text-editor\" data-id=\"7058a88\" data-element_type=\"widget\" data-widget_type=\"text-editor.default\">\n\t\t\t\t<div class=\"elementor-widget-container\">\n\t\t\t\t\t\t\t\t<div class=\"elementor-text-editor elementor-clearfix\">\n\t\t\t\t<p>La commune de Curienne poss\u00e8de 2 \u00e9coles :<\/p><ul><li>une \u00e9cole maternelle intercommunale qui regroupe les diff\u00e9rentes communes du plateau La Thuile et Curienne<\/li><li>une \u00e9cole \u00e9l\u00e9mentaire communale<\/li><\/ul><p>Les \u00e9coles fonctionnent les jours suivants : <strong>lundi<\/strong>, <strong>mardi<\/strong>, <strong>jeudi<\/strong> et <strong>vendredi<\/strong> de :<\/p><ul><li><strong>8h45<\/strong> \u00e0 <strong>12h<\/strong> pour le matin<\/li><li><strong>13h45<\/strong> \u00e0 <strong>16h30<\/strong> pour l&rsquo;apr\u00e8s-midi<\/li><\/ul>\t\t\t\t\t<\/div>\n\t\t\t\t\t\t<\/div>\n\t\t\t\t<\/div>\n\t\t\t\t\t\t<\/div>\n\t\t\t\t\t<\/div>\n\t\t<\/div>\n\t\t\t\t\t\t\t\t<\/div>\n\t\t\t\t\t<\/div>\n\t\t<\/section>\n\t\t\t\t<section class=\"elementor-section elementor-top-section elementor-element elementor-element-3a344d6 elementor-section-boxed elementor-section-height-default elementor-section-height-default\" data-id=\"3a344d6\" data-element_type=\"section\">\n\t\t\t\t\t\t<div class=\"elementor-container elementor-column-gap-default\">\n\t\t\t\t\t\t\t<div class=\"elementor-row\">\n\t\t\t\t\t<div class=\"elementor-column elementor-col-100 elementor-top-column elementor-element elementor-element-13fd6eb\" data-id=\"13fd6eb\" data-element_type=\"column\">\n\t\t\t<div class=\"elementor-column-wrap elementor-element-populated\">\n\t\t\t\t\t\t\t<div class=\"elementor-widget-wrap\">\n\t\t\t\t\t\t<section class=\"elementor-section elementor-inner-section elementor-element elementor-element-a47e171 elementor-section-boxed elementor-section-height-default elementor-section-height-default\" data-id=\"a47e171\" data-element_type=\"section\">\n\t\t\t\t\t\t<div class=\"elementor-container elementor-column-gap-default\">\n\t\t\t\t\t\t\t<div class=\"elementor-row\">\n\t\t\t\t\t<div class=\"elementor-column elementor-col-50 elementor-inner-column elementor-element elementor-element-9ed8125\" data-id=\"9ed8125\" data-element_type=\"column\">\n\t\t\t<div class=\"elementor-column-wrap elementor-element-populated\">\n\t\t\t\t\t\t\t<div class=\"elementor-widget-wrap\">\n\t\t\t\t\t\t<div class=\"elementor-element elementor-element-f98555a elementor-widget elementor-widget-heading\" data-id=\"f98555a\" data-element_type=\"widget\" data-widget_type=\"heading.default\">\n\t\t\t\t<div class=\"elementor-widget-container\">\n\t\t\t<h2 class=\"elementor-heading-title elementor-size-default\">\u00c9cole maternelle<\/h2>\t\t<\/div>\n\t\t\t\t<\/div>\n\t\t\t\t<div class=\"elementor-element elementor-element-e0ec4b4 elementor-widget elementor-widget-image\" data-id=\"e0ec4b4\" data-element_type=\"widget\" data-widget_type=\"image.default\">\n\t\t\t\t<div class=\"elementor-widget-container\">\n\t\t\t\t\t\t\t\t<div class=\"elementor-image\">\n\t\t\t\t\t\t\t\t\t\t\t\t<img decoding=\"async\" width=\"800\" height=\"533\" src=\"https:\/\/mairie-curienne.fr\/wp-content\/uploads\/2021\/04\/maternelle_curienne.jpg\" class=\"attachment-large size-large wp-image-3375\" alt=\"\" loading=\"lazy\" srcset=\"https:\/\/mairie-curienne.fr\/wp-content\/uploads\/2021\/04\/maternelle_curienne.jpg 800w, https:\/\/mairie-curienne.fr\/wp-content\/uploads\/2021\/04\/maternelle_curienne-300x200.jpg 300w, https:\/\/mairie-curienne.fr\/wp-content\/uploads\/2021\/04\/maternelle_curienne-768x512.jpg 768w, https:\/\/mairie-curienne.fr\/wp-content\/uploads\/2021\/04\/maternelle_curienne-600x400.jpg 600w, https:\/\/mairie-curienne.fr\/wp-content\/uploads\/2021\/04\/maternelle_curienne-560x373.jpg 560w\" sizes=\"(max-width: 800px) 100vw, 800px\" \/>\t\t\t\t\t\t\t\t\t\t\t\t\t\t<\/div>\n\t\t\t\t\t\t<\/div>\n\t\t\t\t<\/div>\n\t\t\t\t<div class=\"elementor-element elementor-element-3e0360c elementor-widget elementor-widget-text-editor\" data-id=\"3e0360c\" data-element_type=\"widget\" data-widget_type=\"text-editor.default\">\n\t\t\t\t<div class=\"elementor-widget-container\">\n\t\t\t\t\t\t\t\t<div class=\"elementor-text-editor elementor-clearfix\">\n\t\t\t\t<p>Directrice\u00a0: <strong>Laetitia Curtelin<\/strong><\/p><p>Classes ouvertes : Petite, moyenne et grande section<\/p><p>L\u2019\u00e9tablissement accueille \u00e9galement les enfants de la commune de La Thuile sur l\u2019ensemble des niveaux ouverts.<\/p>\t\t\t\t\t<\/div>\n\t\t\t\t\t\t<\/div>\n\t\t\t\t<\/div>\n\t\t\t\t\t\t<\/div>\n\t\t\t\t\t<\/div>\n\t\t<\/div>\n\t\t\t\t<div class=\"elementor-column elementor-col-50 elementor-inner-column elementor-element elementor-element-b50cc51\" data-id=\"b50cc51\" data-element_type=\"column\">\n\t\t\t<div class=\"elementor-column-wrap elementor-element-populated\">\n\t\t\t\t\t\t\t<div class=\"elementor-widget-wrap\">\n\t\t\t\t\t\t<div class=\"elementor-element elementor-element-59db662 elementor-widget elementor-widget-heading\" data-id=\"59db662\" data-element_type=\"widget\" data-widget_type=\"heading.default\">\n\t\t\t\t<div class=\"elementor-widget-container\">\n\t\t\t<h2 class=\"elementor-heading-title elementor-size-default\">\u00c9cole \u00e9l\u00e9mentaire<\/h2>\t\t<\/div>\n\t\t\t\t<\/div>\n\t\t\t\t<div class=\"elementor-element elementor-element-fe8457e elementor-widget elementor-widget-image\" data-id=\"fe8457e\" data-element_type=\"widget\" data-widget_type=\"image.default\">\n\t\t\t\t<div class=\"elementor-widget-container\">\n\t\t\t\t\t\t\t\t<div class=\"elementor-image\">\n\t\t\t\t\t\t\t\t\t\t\t\t<img decoding=\"async\" width=\"800\" height=\"533\" src=\"https:\/\/mairie-curienne.fr\/wp-content\/uploads\/2021\/04\/elementaire_curienne.jpg\" class=\"attachment-large size-large wp-image-3376\" alt=\"\" loading=\"lazy\" srcset=\"https:\/\/mairie-curienne.fr\/wp-content\/uploads\/2021\/04\/elementaire_curienne.jpg 800w, https:\/\/mairie-curienne.fr\/wp-content\/uploads\/2021\/04\/elementaire_curienne-300x200.jpg 300w, https:\/\/mairie-curienne.fr\/wp-content\/uploads\/2021\/04\/elementaire_curienne-768x512.jpg 768w, https:\/\/mairie-curienne.fr\/wp-content\/uploads\/2021\/04\/elementaire_curienne-600x400.jpg 600w, https:\/\/mairie-curienne.fr\/wp-content\/uploads\/2021\/04\/elementaire_curienne-560x373.jpg 560w\" sizes=\"(max-width: 800px) 100vw, 800px\" \/>\t\t\t\t\t\t\t\t\t\t\t\t\t\t<\/div>\n\t\t\t\t\t\t<\/div>\n\t\t\t\t<\/div>\n\t\t\t\t<div class=\"elementor-element elementor-element-8811baa elementor-widget elementor-widget-text-editor\" data-id=\"8811baa\" data-element_type=\"widget\" data-widget_type=\"text-editor.default\">\n\t\t\t\t<div class=\"elementor-widget-container\">\n\t\t\t\t\t\t\t\t<div class=\"elementor-text-editor elementor-clearfix\">\n\t\t\t\t<p>Directrice\u00a0: <strong>S\u00e9verine Gaget<\/strong><\/p><p>Classes ouvertes : CP\/CE1\/CE2 et CE2\/CM1\/CM2<\/p>\t\t\t\t\t<\/div>\n\t\t\t\t\t\t<\/div>\n\t\t\t\t<\/div>\n\t\t\t\t\t\t<\/div>\n\t\t\t\t\t<\/div>\n\t\t<\/div>\n\t\t\t\t\t\t\t\t<\/div>\n\t\t\t\t\t<\/div>\n\t\t<\/section>\n\t\t\t\t<section class=\"elementor-section elementor-inner-section elementor-element elementor-element-ab1c317 elementor-section-boxed elementor-section-height-default elementor-section-height-default\" data-id=\"ab1c317\" data-element_type=\"section\">\n\t\t\t\t\t\t<div class=\"elementor-container elementor-column-gap-default\">\n\t\t\t\t\t\t\t<div class=\"elementor-row\">\n\t\t\t\t\t<div class=\"elementor-column elementor-col-50 elementor-inner-column elementor-element elementor-element-1e7bb92\" data-id=\"1e7bb92\" data-element_type=\"column\">\n\t\t\t<div class=\"elementor-column-wrap elementor-element-populated\">\n\t\t\t\t\t\t\t<div class=\"elementor-widget-wrap\">\n\t\t\t\t\t\t<div class=\"elementor-element elementor-element-65d8afd elementor-widget-tablet__width-inherit elementor-widget elementor-widget-ova_contact_info\" data-id=\"65d8afd\" data-element_type=\"widget\" data-widget_type=\"ova_contact_info.default\">\n\t\t\t\t<div class=\"elementor-widget-container\">\n\t\t\t\t\t<div class=\"ova-contact-info type1\">\n\n\t\t\t<div class=\"icon\">\n\t\t\t\t<i class=\"fas fa-phone\"><\/i>\t\t\t<\/div>\n\n\t\t\t\t\t\t\t<div class=\"address\">\n\t\t\t\t\t\t\t\t\t\t\t\t\t\t\t<span class=\"text_link\"><a href='tel:+334 79 84 72 92'>T\u00e9l\u00e9phone : <span>04 79 84 72 92<\/span><\/a><\/span>\n\t\t\t\t<\/div>\n\t\t\t\t\t\t\n\t\t<\/div>\n\t\t\t\t<\/div>\n\t\t\t\t<\/div>\n\t\t\t\t<div class=\"elementor-element elementor-element-8b15d38 elementor-widget-tablet__width-inherit elementor-widget elementor-widget-ova_contact_info\" data-id=\"8b15d38\" data-element_type=\"widget\" data-widget_type=\"ova_contact_info.default\">\n\t\t\t\t<div class=\"elementor-widget-container\">\n\t\t\t\t\t<div class=\"ova-contact-info type1\">\n\n\t\t\t<div class=\"icon\">\n\t\t\t\t<i class=\"fas fa-envelope\"><\/i>\t\t\t<\/div>\n\n\t\t\t\t\t\t\t<div class=\"address\">\n\t\t\t\t\t\t\t\t\t\t\t\t\t\t\t<span class=\"text_link\"><a href='mailto:ce.0731367P@ac-grenoble.fr'>Email : <span>ce.0731367P@ac-grenoble.fr<\/span><\/a><\/span>\n\t\t\t\t<\/div>\n\t\t\t\t\t\t\n\t\t<\/div>\n\t\t\t\t<\/div>\n\t\t\t\t<\/div>\n\t\t\t\t\t\t<\/div>\n\t\t\t\t\t<\/div>\n\t\t<\/div>\n\t\t\t\t<div class=\"elementor-column elementor-col-50 elementor-inner-column elementor-element elementor-element-189c135\" data-id=\"189c135\" data-element_type=\"column\">\n\t\t\t<div class=\"elementor-column-wrap elementor-element-populated\">\n\t\t\t\t\t\t\t<div class=\"elementor-widget-wrap\">\n\t\t\t\t\t\t<div class=\"elementor-element elementor-element-4fada6a elementor-widget-tablet__width-inherit elementor-widget elementor-widget-ova_contact_info\" data-id=\"4fada6a\" data-element_type=\"widget\" data-widget_type=\"ova_contact_info.default\">\n\t\t\t\t<div class=\"elementor-widget-container\">\n\t\t\t\t\t<div class=\"ova-contact-info type1\">\n\n\t\t\t<div class=\"icon\">\n\t\t\t\t<i class=\"fas fa-phone\"><\/i>\t\t\t<\/div>\n\n\t\t\t\t\t\t\t<div class=\"address\">\n\t\t\t\t\t\t\t\t\t\t\t\t\t\t\t<span class=\"text_link\"><a href='tel:+334 79 84 72 22'>T\u00e9l\u00e9phone : <span>04 79 84 72 22<\/span><\/a><\/span>\n\t\t\t\t<\/div>\n\t\t\t\t\t\t\n\t\t<\/div>\n\t\t\t\t<\/div>\n\t\t\t\t<\/div>\n\t\t\t\t<div class=\"elementor-element elementor-element-c5b9599 elementor-widget-tablet__width-inherit elementor-widget elementor-widget-ova_contact_info\" data-id=\"c5b9599\" data-element_type=\"widget\" data-widget_type=\"ova_contact_info.default\">\n\t\t\t\t<div class=\"elementor-widget-container\">\n\t\t\t\t\t<div class=\"ova-contact-info type1\">\n\n\t\t\t<div class=\"icon\">\n\t\t\t\t<i class=\"fas fa-envelope\"><\/i>\t\t\t<\/div>\n\n\t\t\t\t\t\t\t<div class=\"address\">\n\t\t\t\t\t\t\t\t\t\t\t\t\t\t\t<span class=\"text_link\"><a href='mailto:ce.0730973L@ac-grenoble.fr'>Email : <span>ce.0730973L@ac-grenoble.fr<\/span><\/a><\/span>\n\t\t\t\t<\/div>\n\t\t\t\t\t\t\n\t\t<\/div>\n\t\t\t\t<\/div>\n\t\t\t\t<\/div>\n\t\t\t\t\t\t<\/div>\n\t\t\t\t\t<\/div>\n\t\t<\/div>\n\t\t\t\t\t\t\t\t<\/div>\n\t\t\t\t\t<\/div>\n\t\t<\/section>\n\t\t\t\t<div class=\"elementor-element elementor-element-538d3ee elementor-widget elementor-widget-text-editor\" data-id=\"538d3ee\" data-element_type=\"widget\" data-widget_type=\"text-editor.default\">\n\t\t\t\t<div class=\"elementor-widget-container\">\n\t\t\t\t\t\t\t\t<div class=\"elementor-text-editor elementor-clearfix\">\n\t\t\t\t<p>\u00a0<\/p><p><strong>T\u00e9l\u00e9chargez les diff\u00e9rents comptes-rendus des conseils d&rsquo;\u00e9cole<\/strong><\/p><ul><li><a href=\"https:\/\/mairie-curienne.fr\/wp-content\/uploads\/2020\/07\/C.E.1_2022.odt\">Conseil d&rsquo;\u00e9cole n\u00b01<\/a><\/li><\/ul>\t\t\t\t\t<\/div>\n\t\t\t\t\t\t<\/div>\n\t\t\t\t<\/div>\n\t\t\t\t\t\t<\/div>\n\t\t\t\t\t<\/div>\n\t\t<\/div>\n\t\t\t\t\t\t\t\t<\/div>\n\t\t\t\t\t<\/div>\n\t\t<\/section>\n\t\t\t\t<section class=\"elementor-section elementor-top-section elementor-element elementor-element-f3fe0a0 elementor-section-boxed elementor-section-height-default elementor-section-height-default\" data-id=\"f3fe0a0\" data-element_type=\"section\">\n\t\t\t\t\t\t<div class=\"elementor-container elementor-column-gap-default\">\n\t\t\t\t\t\t\t<div class=\"elementor-row\">\n\t\t\t\t\t<div class=\"elementor-column elementor-col-100 elementor-top-column elementor-element elementor-element-873bb96\" data-id=\"873bb96\" data-element_type=\"column\">\n\t\t\t<div class=\"elementor-column-wrap elementor-element-populated\">\n\t\t\t\t\t\t\t<div class=\"elementor-widget-wrap\">\n\t\t\t\t\t\t<section class=\"elementor-section elementor-inner-section elementor-element elementor-element-486b767 elementor-section-boxed elementor-section-height-default elementor-section-height-default\" data-id=\"486b767\" data-element_type=\"section\">\n\t\t\t\t\t\t<div class=\"elementor-container elementor-column-gap-default\">\n\t\t\t\t\t\t\t<div class=\"elementor-row\">\n\t\t\t\t\t<div class=\"elementor-column elementor-col-100 elementor-inner-column elementor-element elementor-element-c903800\" data-id=\"c903800\" data-element_type=\"column\">\n\t\t\t<div class=\"elementor-column-wrap elementor-element-populated\">\n\t\t\t\t\t\t\t<div class=\"elementor-widget-wrap\">\n\t\t\t\t\t\t<div class=\"elementor-element elementor-element-80a4f7a elementor-widget elementor-widget-heading\" data-id=\"80a4f7a\" data-element_type=\"widget\" data-widget_type=\"heading.default\">\n\t\t\t\t<div class=\"elementor-widget-container\">\n\t\t\t<h2 class=\"elementor-heading-title elementor-size-default\">Vous venez d\u2019arriver sur Curienne ?<\/h2>\t\t<\/div>\n\t\t\t\t<\/div>\n\t\t\t\t<div class=\"elementor-element elementor-element-e5276af elementor-widget elementor-widget-text-editor\" data-id=\"e5276af\" data-element_type=\"widget\" data-widget_type=\"text-editor.default\">\n\t\t\t\t<div class=\"elementor-widget-container\">\n\t\t\t\t\t\t\t\t<div class=\"elementor-text-editor elementor-clearfix\">\n\t\t\t\t<p><strong>Inscription \u00e9cole maternelle<\/strong><\/p><p>Pour inscrire votre enfant \u00e0 l\u2019\u00e9cole maternelle, les d\u00e9marches doivent \u00eatre r\u00e9alis\u00e9es en mairie sur rendez-vous. Pour cela, il faut vous munir :<\/p><ul><li>du formulaire d\u2019inscription \u00e0 remplir. (Pdf)<\/li><li>du carnet de sant\u00e9 de votre enfant<\/li><li>du livret de famille<\/li><li>d\u2019un justificatif de domicile<\/li><\/ul><p><strong>Inscription \u00e9cole \u00e9l\u00e9mentaire<\/strong><\/p><p>Pour inscrire votre enfant \u00e0 l\u2019\u00e9cole \u00e9l\u00e9mentaire merci de prendre directement rendez-vous avec la directrice <strong>S\u00e9verine Gaget<\/strong>.<\/p><p><strong>Instruction dans la famille<\/strong><\/p><p>Vous souhaitez faire l&rsquo;\u00e9cole \u00e0 la maison pour la rentr\u00e9e scolaire prochaine ?<\/p><p>Vous devez pour cela effectuer les d\u00e9marches et remplir les documents demand\u00e9s par l&rsquo;\u00e9ducation nationale.<\/p><p>Veuillez trouver les documents suivants pour vous aider dans vos d\u00e9marches :<\/p><ul><li><a href=\"https:\/\/mairie-curienne.fr\/wp-content\/uploads\/2020\/07\/ecole_inscriptions_2025-2026.pdf\">Dossier d&rsquo;inscription \u00e9cole maternelle<\/a><\/li><li><a href=\"https:\/\/mairie-curienne.fr\/wp-content\/uploads\/2020\/07\/mail_EN.pdf\">Mail de l&rsquo;\u00e9ducation national<\/a><\/li><li><a href=\"https:\/\/mairie-curienne.fr\/wp-content\/uploads\/2020\/07\/Flyer_IEF.pdf\">Flyer sur l&rsquo;instruction en famille<\/a><\/li><li><a href=\"https:\/\/mairie-curienne.fr\/wp-content\/uploads\/2020\/07\/cerfa_16212-01.pdf\">Cerfa 16212-01<\/a><\/li><li><a href=\"https:\/\/mairie-curienne.fr\/wp-content\/uploads\/2020\/07\/cerfa_16213-01.pdf\">Cerfa 16213-01<\/a><\/li><\/ul><p>Les informations compl\u00e8tes et cerfas sont \u00e0 retrouver sur : <a href=\"https:\/\/www.service-public.fr\/particuliers\/vosdroits\/F23429\">https:\/\/www.service-public.fr\/particuliers\/vosdroits\/F23429<\/a><\/p>\t\t\t\t\t<\/div>\n\t\t\t\t\t\t<\/div>\n\t\t\t\t<\/div>\n\t\t\t\t\t\t<\/div>\n\t\t\t\t\t<\/div>\n\t\t<\/div>\n\t\t\t\t\t\t\t\t<\/div>\n\t\t\t\t\t<\/div>\n\t\t<\/section>\n\t\t\t\t\t\t<\/div>\n\t\t\t\t\t<\/div>\n\t\t<\/div>\n\t\t\t\t\t\t\t\t<\/div>\n\t\t\t\t\t<\/div>\n\t\t<\/section>\n\t\t\t\t\t\t\t\t\t<\/div>\n\t\t\t<\/div>\n\t\t\t\t\t<\/div>\n\t\t","protected":false},"excerpt":{"rendered":"<p>La commune de Curienne poss\u00e8de 2 \u00e9coles : une \u00e9cole maternelle intercommunale qui regroupe les diff\u00e9rentes communes du plateau La Thuile et Curienne une \u00e9cole \u00e9l\u00e9mentaire communale Les \u00e9coles fonctionnent les jours suivants : lundi, mardi, jeudi et vendredi de : 8h45 \u00e0 12h pour le matin 13h45 \u00e0 16h30 pour l&rsquo;apr\u00e8s-midi \u00c9cole maternelle Directrice\u00a0: [&hellip;]<\/p>\n","protected":false},"author":2,"featured_media":0,"parent":0,"menu_order":0,"comment_status":"closed","ping_status":"closed","template":"","meta":[],"_links":{"self":[{"href":"https:\/\/mairie-curienne.fr\/index.php\/wp-json\/wp\/v2\/pages\/3360"}],"collection":[{"href":"https:\/\/mairie-curienne.fr\/index.php\/wp-json\/wp\/v2\/pages"}],"about":[{"href":"https:\/\/mairie-curienne.fr\/index.php\/wp-json\/wp\/v2\/types\/page"}],"author":[{"embeddable":true,"href":"https:\/\/mairie-curienne.fr\/index.php\/wp-json\/wp\/v2\/users\/2"}],"replies":[{"embeddable":true,"href":"https:\/\/mairie-curienne.fr\/index.php\/wp-json\/wp\/v2\/comments?post=3360"}],"version-history":[{"count":96,"href":"https:\/\/mairie-curienne.fr\/index.php\/wp-json\/wp\/v2\/pages\/3360\/revisions"}],"predecessor-version":[{"id":7873,"href":"https:\/\/mairie-curienne.fr\/index.php\/wp-json\/wp\/v2\/pages\/3360\/revisions\/7873"}],"wp:attachment":[{"href":"https:\/\/mairie-curienne.fr\/index.php\/wp-json\/wp\/v2\/media?parent=3360"}],"curies":[{"name":"wp","href":"https:\/\/api.w.org\/{rel}","templated":true}]}}